{"id":5279,"date":"2026-01-22T16:48:40","date_gmt":"2026-01-22T15:48:40","guid":{"rendered":"https:\/\/ebblo.musterpage.ch\/dev\/?page_id=5279"},"modified":"2026-03-31T12:11:18","modified_gmt":"2026-03-31T10:11:18","slug":"autonome-mobilitaet","status":"publish","type":"page","link":"https:\/\/ebblo.com\/de\/loesungen\/autonome-mobilitaet\/","title":{"rendered":"Autonome Mobilit\u00e4t"},"content":{"rendered":"\n<section id=\"res-header-image-block_c03a9f7d7fd75c3a756771b8692f3053\" class=\"res-block res-header-image alignfull style-standard background: transparent m-no\">\n  <div class=\"res-header-img-outside fadeIn duration1 \"  data-aos=\"res-fadeIn\">\n\t<div class=\"res-header-height \">\n\t\t\n\t\n\t  <style> \n\t\t  @media only screen and (min-width: 970px) {\n\t\t\t #res-header-image-block_c03a9f7d7fd75c3a756771b8692f3053.res-header-image .layout-1.header-img-height { height: 40vh;}  \n\t\t\t #res-header-image-block_c03a9f7d7fd75c3a756771b8692f3053.res-header-image .layout-1 .res-header-image-vertical-center { top: 66%;} \n\t\t\t  \t\t\t  \n\t\t\t\t\t\t  #res-header-image-block_c03a9f7d7fd75c3a756771b8692f3053.res-header-image .layout-1 .jarallax-img { object-position: 50% 75% !important;}\n\t\t\t \n          \t\t  }\n\n\n\t\t  @media only screen and (max-width: 970px) {\n\n                      #res-header-image-block_c03a9f7d7fd75c3a756771b8692f3053.res-header-image .layout-1.header-img-height { height: 45vh;}\n          \n                      #res-header-image-block_c03a9f7d7fd75c3a756771b8692f3053.res-header-image .layout-1.header-img-mobile { height: 45vh;}\n          \n\t\t\t\n            \n\t\t\t  #res-header-image-block_c03a9f7d7fd75c3a756771b8692f3053.res-header-image .layout-1 .res-header-image-vertical-center { top: 55%;}  \n\t\t\t  \t\t  }\n\t\t            \n                 #res-header-image-block_c03a9f7d7fd75c3a756771b8692f3053.res-header-image .layout-1 .header-img-bg-opacity {\n                     opacity: 1;\n                }\n           \n\t  <\/style>\n\n        <div class=\"layout-1 jarallax header-img-height header-img-desktop\"\n             data-speed=\"0.6\"\n             style=\"background-color: #000;\">\n\n\t\t\t        <div class=\"res-header-image-vertical-center\">\n            <div class=\"container-fluid\">\n\n\t\t\t\t                    <div class=\"sloganBox\">\n                        <div class=\"row\">\n                            <div class=\"col col-md-8 text-left\">\n                                <div class=\"slogan-txt \" data-aos=\"res-leftIncoming\">\n\n\t\t\t\t\t\t\t\t\t\n\t\t\t\t\t\t\t\t\t\n\t\t\t\t\t\t\t\t\t\n\t\t\t\t\t\t\t\t\t\n\t\t\t\t\t\t\t\t\t\n                                <\/div>\n                            <\/div>\n                        <\/div>\n                    <\/div>\n\t\t\t\t\n            <\/div>\n        <\/div>\n\t\t<img loading=\"lazy\" decoding=\"async\" width=\"1920\" height=\"1080\" src=\"https:\/\/ebblo.com\/wp-content\/uploads\/2026\/01\/Trapeze-V2X-Schnittstellen-1.jpg\" class=\"jarallax-img img-fluid header-img-bg-opacity\" alt=\"\" srcset=\"https:\/\/ebblo.com\/wp-content\/uploads\/2026\/01\/Trapeze-V2X-Schnittstellen-1.jpg 1920w, https:\/\/ebblo.com\/wp-content\/uploads\/2026\/01\/Trapeze-V2X-Schnittstellen-1-600x338.jpg 600w, https:\/\/ebblo.com\/wp-content\/uploads\/2026\/01\/Trapeze-V2X-Schnittstellen-1-1300x731.jpg 1300w, https:\/\/ebblo.com\/wp-content\/uploads\/2026\/01\/Trapeze-V2X-Schnittstellen-1-768x432.jpg 768w, https:\/\/ebblo.com\/wp-content\/uploads\/2026\/01\/Trapeze-V2X-Schnittstellen-1-1536x864.jpg 1536w\" sizes=\"auto, (max-width: 1920px) 100vw, 1920px\" \/>\n\t\t\t\n        <\/div>\n\n\t\t\n\n       \n\n\t\t<\/div>\n\t<\/div>\n<\/section>\n\n\n\n \n\n\n\n\n<section id=\"res-link-anker-block_8e4c6729d297a781ce9417926b0a3db4\" class=\"linkanker-section\">\n<div  class=\"res-block res-link-anker alignfull style-standard py-2  Brand-Color \" style=\"\">\n\n  <div class=\"inner-container container-wide\" data-aos=\"res-fadeIn\">\n\t  \n\t  \t\t<div class=\"breadcrumbs\"><nav class=\"breadcrumb\" data-aos=\"res-fadeIn\"><span class=\"breadcrumb-item\">Home<\/span> <i class=\"fa-solid fa-angle-right mx-1 font-weight-normal\"><\/i> <\/nav><\/div>\n\t\t  \n\t\n\n      \n\n\n\n\n\n\n\t\t\n  \n\n\t<\/div>\n  <\/div>\n<\/section>\n\n\n\n\n<section id=\"res-txt-block_ff7b7ef26583c833b21ac308c0c4faa2\" class=\"res-block res-txt alignwide style-03 layout01 py-4  Transparent\" style=\"background: transparent;\">\n  <div class=\"inner-container container-off \" data-aos=\"res-fadeIn\">\n \n\t\t  \n\t\t \t  \n      \n      <div class=\"layout-1 txt-section\">\n\t\t<div class=\"row\">\t\n\t\t\t\n\t\t\n\t\t\t<div class=\"col-md-8 var-1spalten text-left\">\n\t\t\t\t\n\t\t\t\t<div class=\"txt-title-field\">\n\t\n\t\t\t\t\t\t\t\t   <h1 class=\"title-h1 \">Die Mobilit\u00e4t der Zukunft<\/h1>\n\t\t\t\t\t\n\t\t\n\t\t\t\t  \n\t\t\t\t   <h2 class=\"title-h2 \">Autonome Mobilit\u00e4t<\/h2>\n\t\t\t\t\n\t\t\t\t\t\n\t\t\t\t\t \n\t\t\t\t\t<\/div>\n\n\t\t\t\t\t\t\t\t\t<div class=\"txt-textfield postContent pt-md-2 \">\n                        <p class=\"ewa-rteLine\">Ziel von ebblo ist es, alle verf\u00fcgbaren Mobilit\u00e4tsangebote zu koordinieren und damit zu optimieren. Dazu geh\u00f6ren auch Dienstleistungen und L\u00f6sungen f\u00fcr selbstfahrende Fahrzeuge. Solche flexiblen Transportangebote k\u00f6nnen einen wichtigen Beitrag in Verkehrsnetzen leisten, um die erste und die letzte Meile abzudecken. Verkehrsunternehmen k\u00f6nnen ihre Verkehrssysteme auf diese Weise sinnvoll und effizient erg\u00e4nzen und aufwerten.<\/p>\n<div class=\"ewa-rteLine\"><\/div>\n<p class=\"ewa-rteLine\">Mit unserem Leitsystem LIO haben Verkehrsunternehmen alle ihre Fahrzeuge im Blick, unabh\u00e4ngig davon, mit welcher Antriebstechnologie diese unterwegs sind, und unabh\u00e4ngig davon, ob sich ein Fahrer an Bord befindet oder nicht. Wir haben in der Vergangenheit bereits mehrfach autonome Fahrzeuge in unser Leitsystem integriert \u2013 auch in Kombination mit Konzepten f\u00fcr Bedarfsverkehr bzw. Mobilit\u00e4t-on-Demand.<\/p>\n\t\t\t\t\t<\/div>\n                \n                \n\t\t\t\t\t            <\/div>\n\t\t\t\t <\/div> \t\n\t\t<\/div>\n\t \n\t  \n \n \n\t<\/div>\n<\/section>\n\n\n\n\n\n<section id=\"res-text-bild-block_5c8d31ac1a445b1424ea4eefa625d875\" class=\"res-block res-text-bild alignfull style-standard layout01 py-4  Grau\" style=\"background-color: #f4f4f4;\">\n  <div class=\"inner-container container-wide \" data-aos=\"res-downIncomingMore\">\n\n\t\t\t  <style>\n\t\t\t @media only screen and (min-width: 970px) {\n\t\t\t  #res-text-bild-block_5c8d31ac1a445b1424ea4eefa625d875.res-text-bild .layout-1 .txt-imagebox.offset-md-1 {margin-left: 8%;}\n\t\t\t  #res-text-bild-block_5c8d31ac1a445b1424ea4eefa625d875.res-text-bild .layout-1 .txt-teaser-2spalten01.spalten-abstand {padding-right: %;}\n\t\t\t  #res-text-bild-block_5c8d31ac1a445b1424ea4eefa625d875.res-text-bild .layout-1 .txt-box.offset-md-1 {margin-left: 8%;}\n\t\t\t\t\t\t\t}\n\t\t\t \n\t\t  <\/style>\n\n\n        <div class=\"layout-1 row  \">\n\t\t\t<div class=\"col-md-6 txt-box teaser-img-center-height \">\n\t\t\t\t<div class=\"txt-title-field\">\n\t\t\t\t\t\n\t\t\t\t\t\t\t\t\t\t   <h2 class=\"title-h2 \">Integration in Leitsysteme<\/h2>\n\t\t\t\t\t\n\t\t\t\t\t\t\t\t\t<\/div>\n\t\t\t <div class=\"txt-text postContent pt-2 pt-md-2 \">\n\n\t\t\t\t\t\t\t\t\t\t \t\t\t\t\t\t  <p class=\"ewa-rteLine\">ebblo integriert autonome Fahrzeuge verschiedener Hersteller nahtlos in bestehende Leitsysteme des \u00f6ffentlichen Verkehrs. Mit der Software-L\u00f6sung AVOC (Autonomous Vehicle Operation Centre) von ebblo wird die Einbindung selbstfahrender Fahrzeuge sowohl in unsere eigenen Systeme als auch in Systeme anderer Hersteller m\u00f6glich. AVOC fungiert dabei als Schnittstelle zwischen den Hintergrundsystemen der Fahrzeughersteller und dem Betriebsleitsystem.<\/p>\n<div class=\"ewa-rteLine\"><\/div>\n<p class=\"ewa-rteLine\">Autonome Fahrzeuge lassen sich auch in Konzepte einer Mobilit\u00e4t-on-Demand einbinden. Erg\u00e4nzend zu weiteren Angeboten im Bedarfsverkehr k\u00f6nnen sie die erste und letzte Meile abdecken. So sorgen sie f\u00fcr aktiven Klimaschutz, da die Fahrg\u00e4ste ihre gesamte Fahrstrecke ohne privates Fahrzeug zur\u00fccklegen k\u00f6nnen.<\/p>\n\t\t\t\t\t\t\t\t\t\t\t\n\t\t\t\t\n\t\t\t\t\t \n\t\t\t\t\t\n\t\t\t\t<\/div>\n\n\n\t\t\t<\/div>\n\n\t\t\t<div class=\"col-md mb-2 mt-md-1 txt-imagebox teaser-img-center-height offset-md-1 \">\n\n\t\t\t\t\t\t\t\t\t\t<img loading=\"lazy\" decoding=\"async\" width=\"800\" height=\"800\" src=\"https:\/\/ebblo.com\/wp-content\/uploads\/2026\/03\/ebblo-autonomous-mobility-2026-800x800.jpg\" class=\"img-fluid w-100 txt-img\" alt=\"Autonome Mobilit\u00e4t mit ebblo\" srcset=\"https:\/\/ebblo.com\/wp-content\/uploads\/2026\/03\/ebblo-autonomous-mobility-2026-800x800.jpg 800w, https:\/\/ebblo.com\/wp-content\/uploads\/2026\/03\/ebblo-autonomous-mobility-2026-480x480.jpg 480w\" sizes=\"auto, (max-width: 800px) 100vw, 800px\" \/>\t\t\t\t\t\t\t<\/div>\n\n\t\n\t<\/div>\n<\/section>\n\n\n\n\n\n<section id=\"res-text-bild-block_bfe15fbdc8b5f87bd22c698a9531e371\" class=\"res-block res-text-bild alignfull style-standard layout01 py-4  Transparent\" style=\"background: transparent;\">\n  <div class=\"inner-container container-wide \" data-aos=\"res-downIncomingMore\">\n\n\t\t\t  <style>\n\t\t\t @media only screen and (min-width: 970px) {\n\t\t\t  #res-text-bild-block_bfe15fbdc8b5f87bd22c698a9531e371.res-text-bild .layout-1 .txt-imagebox.offset-md-1 {margin-left: 8%;}\n\t\t\t  #res-text-bild-block_bfe15fbdc8b5f87bd22c698a9531e371.res-text-bild .layout-1 .txt-teaser-2spalten01.spalten-abstand {padding-right: %;}\n\t\t\t  #res-text-bild-block_bfe15fbdc8b5f87bd22c698a9531e371.res-text-bild .layout-1 .txt-box.offset-md-1 {margin-left: 8%;}\n\t\t\t\t\t\t\t}\n\t\t\t \n\t\t  <\/style>\n\n\n        <div class=\"layout-1 row flex-row-reverse \">\n\t\t\t<div class=\"col-md-6 txt-box  offset-md-1\">\n\t\t\t\t<div class=\"txt-title-field\">\n\t\t\t\t\t\n\t\t\t\t\t\t\t\t\t\t   <h2 class=\"title-h2 \">Expertise in der Integration autonomer Mobilit\u00e4t  <\/h2>\n\t\t\t\t\t\n\t\t\t\t\t\t\t\t\t<\/div>\n\t\t\t <div class=\"txt-text postContent pt-2 pt-md-2 \">\n\n\t\t\t\t\t\t\t\t\t\t \t\t\t\t\t\t  <p class=\"ewa-rteLine\">ebblo hat sich \u2013 damals noch als Trapeze und AMoTech \u2013 bereits fr\u00fch mit dem Thema autonome Mobilit\u00e4t auseinandergesetzt und sich dabei eine umfangreiche Expertise auf diesem Gebiet erworben. Wir waren an verschiedenen Projekten und Machbarkeitsstudien beteiligt, konnten dabei viele Erfahrungen sammeln und in der Praxis zeigen, wie eine vollst\u00e4ndige Integration von autonomen Fahrzeuge in ein Betriebsleitsystem funktioniert.<\/p>\n<div class=\"ewa-rteLine\"><\/div>\n<p class=\"ewa-rteLine\">Die &#8222;Linie 12&#8220; in Neuhausen am Rheinfall war unser erstes Projekt rund um die autonome Mobilit\u00e4t und zugleich die weltweit erste Einbindung eines selbstfahrenden Fahrzeugs in ein bestehendes Leitsystem! In Zusammenarbeit mit dem Swiss Transit Lab wurde ein Fahrzeug des Herstellers Navya in das Leitsystem der Verkehrsbetriebe Schaffhausen integriert. Dank der Systemintegration wurden unter anderem Fahrgastinformationen und Fahrzeugdaten zentral dargestellt.<\/p>\n<div class=\"ewa-rteLine\"><\/div>\n<p class=\"ewa-rteLine\">In Bern wurde ein selbstfahrendes Shuttle des Herstellers EasyMile auf einer Strecke zwischen dem B\u00e4renpark und der Marzilibahn zwei Jahre lang getestet. Die Integration des Fahrzeugs in das bestehende Leitsystem erm\u00f6glichte es, automatisierte und konventionelle Fahrzeuge gemeinsam zu \u00fcberwachen und zu steuern, ohne die Leitstelle zu erweitern.<\/p>\n<div class=\"ewa-rteLine\"><\/div>\n<p class=\"ewa-rteLine\">In Monheim wurde der weltweit erste Betrieb von selbstfahrenden Linienbussen mit Anbindung an eine bestehendes Leitsystem realisiert. Seit Februar 2020 betreiben die Bahnen der Stadt Monheim eine Altstadt-Linie mit EasyMile-Fahrzeugen. Diese sind in das bestehende Leitsystem integriert, die Disponenten k\u00f6nnen konventionelle und automatisierte Busse gleichzeitig verwalten.<\/p>\n<div class=\"ewa-rteLine\"><\/div>\n\t\t\t\t\t\t\t\t\t\t\t\n\t\t\t\t\n\t\t\t\t\t \n\t\t\t\t\t\n\t\t\t\t<\/div>\n\n\n\t\t\t<\/div>\n\n\t\t\t<div class=\"col-md mb-2 mt-md-1 txt-imagebox   \">\n\n\t\t\t\t\t\t\t\t\t\t<img loading=\"lazy\" decoding=\"async\" width=\"800\" height=\"800\" src=\"https:\/\/ebblo.com\/wp-content\/uploads\/2026\/01\/trapizio-halle-e1769418636809-800x800.jpg\" class=\"img-fluid w-100 txt-img\" alt=\"\" srcset=\"https:\/\/ebblo.com\/wp-content\/uploads\/2026\/01\/trapizio-halle-e1769418636809-800x800.jpg 800w, https:\/\/ebblo.com\/wp-content\/uploads\/2026\/01\/trapizio-halle-e1769418636809-480x480.jpg 480w\" sizes=\"auto, (max-width: 800px) 100vw, 800px\" \/>\t\t\t\t\t\t\t<\/div>\n\n\t\n\t<\/div>\n<\/section>\n\n\n\n\n\n<section id=\"res-text-bild-block_47f3d006edab33f6ff51bc7d9957f4f3\" class=\"res-block res-text-bild alignfull style-standard layout01 py-4  Grau\" style=\"background-color: #f4f4f4;\">\n  <div class=\"inner-container container-wide \" data-aos=\"res-downIncomingMore\">\n\n\t\t\t  <style>\n\t\t\t @media only screen and (min-width: 970px) {\n\t\t\t  #res-text-bild-block_47f3d006edab33f6ff51bc7d9957f4f3.res-text-bild .layout-1 .txt-imagebox.offset-md-1 {margin-left: 8%;}\n\t\t\t  #res-text-bild-block_47f3d006edab33f6ff51bc7d9957f4f3.res-text-bild .layout-1 .txt-teaser-2spalten01.spalten-abstand {padding-right: %;}\n\t\t\t  #res-text-bild-block_47f3d006edab33f6ff51bc7d9957f4f3.res-text-bild .layout-1 .txt-box.offset-md-1 {margin-left: 8%;}\n\t\t\t\t\t\t\t}\n\t\t\t \n\t\t  <\/style>\n\n\n        <div class=\"layout-1 row  \">\n\t\t\t<div class=\"col-md-6 txt-box teaser-img-center-height \">\n\t\t\t\t<div class=\"txt-title-field\">\n\t\t\t\t\t\n\t\t\t\t\t\t\t\t\t\t   <h2 class=\"title-h2 \">Swiss Transit Lab<\/h2>\n\t\t\t\t\t\n\t\t\t\t\t\t\t\t\t<\/div>\n\t\t\t <div class=\"txt-text postContent pt-2 pt-md-2 \">\n\n\t\t\t\t\t\t\t\t\t\t \t\t\t\t\t\t  <p class=\"ewa-rteLine\">ebblo ist Mitglied im Swiss Transit Lab (STL), welches der Swiss Association for Autonomous Mobility (SAAM) angeh\u00f6rt.<\/p>\n<p class=\"ewa-rteLine\">Das Swiss Transit Lab ist eine Plattform f\u00fcr Projekte und Erprobung von Technologien unter realen Bedingungen rund um das Thema intelligente Mobilit\u00e4t.<\/p>\n<p class=\"ewa-rteLine\">Interessenten aus Wirtschaft, Wissenschaft und Gesellschaft k\u00f6nnen im STL L\u00f6sungen f\u00fcr die Mobilit\u00e4t der Zukunft mitgestalten.<\/p>\n<div class=\"ewa-rteLine\"><\/div>\n\t\t\t\t\t\t\t\t\t\t\t\n\t\t\t\t\n\t\t\t\t\t \t\t\t\t\t\t\t\t\t\t\t\t\t<a class=\"btn  btn-primary  \" href=\"https:\/\/www.swisstransitlab.com\/\" target=\"_blank\">www.swisstransitlab.com<\/a>\n\t\t\t\t\t\t\t\t\t\t\t\n\t\t\t\t\t\n\t\t\t\t<\/div>\n\n\n\t\t\t<\/div>\n\n\t\t\t<div class=\"col-md mb-2 mt-md-1 txt-imagebox teaser-img-center-height offset-md-1 \">\n\n\t\t\t\t\t\t\t\t\t\t<img loading=\"lazy\" decoding=\"async\" width=\"1000\" height=\"666\" src=\"https:\/\/ebblo.com\/wp-content\/uploads\/2026\/01\/17DA3EA860E_1000x1000.jpg\" class=\"img-fluid w-100 txt-img\" alt=\"\" srcset=\"https:\/\/ebblo.com\/wp-content\/uploads\/2026\/01\/17DA3EA860E_1000x1000.jpg 1000w, https:\/\/ebblo.com\/wp-content\/uploads\/2026\/01\/17DA3EA860E_1000x1000-600x400.jpg 600w, https:\/\/ebblo.com\/wp-content\/uploads\/2026\/01\/17DA3EA860E_1000x1000-768x511.jpg 768w\" sizes=\"auto, (max-width: 1000px) 100vw, 1000px\" \/>\t\t\t\t\t\t\t<\/div>\n\n\t\n\t<\/div>\n<\/section>\n\n\n\n\n\n\n<section id=\"res-txt-block_010c7e384a221ded420dbbbbf5541c1c\" class=\"res-block res-txt alignfull style-02 layout01 py-4  Gruen\" style=\"background-color: #099F81;\">\n  <div class=\"inner-container container-wide \" data-aos=\"res-downIncomingMore\">\n \n\t\t  \n\t\t \t  \n      \n      <div class=\"layout-1 txt-section\">\n\t\t<div class=\"row\">\t\n\t\t\t\n\t\t\n\t\t\t<div class=\"col-md-7 var-1spalten text-left\">\n\t\t\t\t\n\t\t\t\t<div class=\"txt-title-field\">\n\t\n\t\t\t\t\t\n\t\t\n\t\t\t\t  \n\t\t\t\t   <h2 class=\"title-h2 \">Bereit f\u00fcr den n\u00e4chsten Schritt?<\/h2>\n\t\t\t\t\n\t\t\t\t\t\n\t\t\t\t\t \n\t\t\t\t\t<\/div>\n\n\t\t\t\t\t\t\t\t\t<div class=\"txt-textfield postContent pt-md-0 \">\n                        <p>Optimieren Sie Ihren \u00f6ffentlichen Nahverkehr \u2013 mit flexiblen L\u00f6sungen f\u00fcr eine Zukunft im Wandel.<\/p>\n\t\t\t\t\t<\/div>\n                \n                \t\t\t\t\t <div class=\"txt-textfield-btns pt-2 text-left \">\n\t\t\t\t\t\t\t\t\t\t\t\t\t\t\t<a class=\"btn  btn-primary \" href=\"https:\/\/ebblo.com\/de\/kontakt\/\" target=\"_self\">Kontaktieren Sie uns<\/a>\n                                \t\t\t\t\t\t\t\t\t\t\t\t<\/div>\n                \n\t\t\t\t\t            <\/div>\n\t\t\t\t <\/div> \t\n\t\t<\/div>\n\t \n\t  \n \n \n\t<\/div>\n<\/section>\n\n","protected":false},"excerpt":{"rendered":"","protected":false},"author":4,"featured_media":4873,"parent":4063,"menu_order":0,"comment_status":"closed","ping_status":"closed","template":"","meta":{"_acf_changed":false,"footnotes":""},"class_list":["post-5279","page","type-page","status-publish","has-post-thumbnail","hentry"],"acf":[],"_links":{"self":[{"href":"https:\/\/ebblo.com\/de\/wp-json\/wp\/v2\/pages\/5279","targetHints":{"allow":["GET"]}}],"collection":[{"href":"https:\/\/ebblo.com\/de\/wp-json\/wp\/v2\/pages"}],"about":[{"href":"https:\/\/ebblo.com\/de\/wp-json\/wp\/v2\/types\/page"}],"author":[{"embeddable":true,"href":"https:\/\/ebblo.com\/de\/wp-json\/wp\/v2\/users\/4"}],"replies":[{"embeddable":true,"href":"https:\/\/ebblo.com\/de\/wp-json\/wp\/v2\/comments?post=5279"}],"version-history":[{"count":19,"href":"https:\/\/ebblo.com\/de\/wp-json\/wp\/v2\/pages\/5279\/revisions"}],"predecessor-version":[{"id":11334,"href":"https:\/\/ebblo.com\/de\/wp-json\/wp\/v2\/pages\/5279\/revisions\/11334"}],"up":[{"embeddable":true,"href":"https:\/\/ebblo.com\/de\/wp-json\/wp\/v2\/pages\/4063"}],"wp:featuredmedia":[{"embeddable":true,"href":"https:\/\/ebblo.com\/de\/wp-json\/wp\/v2\/media\/4873"}],"wp:attachment":[{"href":"https:\/\/ebblo.com\/de\/wp-json\/wp\/v2\/media?parent=5279"}],"curies":[{"name":"wp","href":"https:\/\/api.w.org\/{rel}","templated":true}]}}