{"id":4445,"date":"2026-01-12T09:54:47","date_gmt":"2026-01-12T08:54:47","guid":{"rendered":"https:\/\/ebblo.musterpage.ch\/dev\/?page_id=4445"},"modified":"2026-03-30T14:21:50","modified_gmt":"2026-03-30T12:21:50","slug":"lehrstellen","status":"publish","type":"page","link":"https:\/\/ebblo.com\/de\/ueber-uns\/karriere\/lehrstellen\/","title":{"rendered":"Lehrstellen"},"content":{"rendered":"\n<section id=\"res-header-image-block_bb58079d06c3cf508814423ba14363a0\" class=\"res-block res-header-image alignfull style-standard background: transparent m-no\">\n  <div class=\"res-header-img-outside fadeIn duration1 \"  data-aos=\"res-fadeIn\">\n\t<div class=\"res-header-height \">\n\t\t\n\t\n\t  <style> \n\t\t  @media only screen and (min-width: 970px) {\n\t\t\t #res-header-image-block_bb58079d06c3cf508814423ba14363a0.res-header-image .layout-1.header-img-height { height: 40vh;}  \n\t\t\t #res-header-image-block_bb58079d06c3cf508814423ba14363a0.res-header-image .layout-1 .res-header-image-vertical-center { top: 66%;} \n\t\t\t  \t\t\t  \n\t\t\t\t\t\t  #res-header-image-block_bb58079d06c3cf508814423ba14363a0.res-header-image .layout-1 .jarallax-img { object-position: 50% 70% !important;}\n\t\t\t \n          \t\t  }\n\n\n\t\t  @media only screen and (max-width: 970px) {\n\n                      #res-header-image-block_bb58079d06c3cf508814423ba14363a0.res-header-image .layout-1.header-img-height { height: 45vh;}\n          \n                      #res-header-image-block_bb58079d06c3cf508814423ba14363a0.res-header-image .layout-1.header-img-mobile { height: 45vh;}\n          \n\t\t\t\n            \n\t\t\t  #res-header-image-block_bb58079d06c3cf508814423ba14363a0.res-header-image .layout-1 .res-header-image-vertical-center { top: 55%;}  \n\t\t\t  \t\t  }\n\t\t            \n                 #res-header-image-block_bb58079d06c3cf508814423ba14363a0.res-header-image .layout-1 .header-img-bg-opacity {\n                     opacity: 1;\n                }\n           \n\t  <\/style>\n\n        <div class=\"layout-1 jarallax header-img-height header-img-desktop\"\n             data-speed=\"0.6\"\n             style=\"background-color: #000;\">\n\n\t\t\t        <div class=\"res-header-image-vertical-center\">\n            <div class=\"container-fluid\">\n\n\t\t\t\t                    <div class=\"sloganBox\">\n                        <div class=\"row\">\n                            <div class=\"col col-md-8 text-left\">\n                                <div class=\"slogan-txt \" data-aos=\"res-leftIncoming\">\n\n\t\t\t\t\t\t\t\t\t\n\t\t\t\t\t\t\t\t\t\n\t\t\t\t\t\t\t\t\t\n\t\t\t\t\t\t\t\t\t\n\t\t\t\t\t\t\t\t\t\n                                <\/div>\n                            <\/div>\n                        <\/div>\n                    <\/div>\n\t\t\t\t\n            <\/div>\n        <\/div>\n\t\t<img loading=\"lazy\" decoding=\"async\" width=\"1920\" height=\"1080\" src=\"https:\/\/ebblo.com\/wp-content\/uploads\/2026\/01\/ebblo-header-lehrstellen-1920x1080.jpg\" class=\"jarallax-img img-fluid header-img-bg-opacity\" alt=\"\" \/>\n\t\t\t\n        <\/div>\n\n\t\t\n\n       \n\n\t\t<\/div>\n\t<\/div>\n<\/section>\n\n\n\n \n\n\n\n\n<section id=\"res-link-anker-block_795c0cde64e00e7881ca52ad860fbdc3\" class=\"linkanker-section\">\n<div  class=\"res-block res-link-anker alignfull style-standard py-2  Brand-Color \" style=\"\">\n\n  <div class=\"inner-container container-wide\" data-aos=\"res-fadeIn\">\n\t  \n\t  \t\t<div class=\"breadcrumbs\"><nav class=\"breadcrumb\" data-aos=\"res-fadeIn\"><span class=\"breadcrumb-item\">Home<\/span> <i class=\"fa-solid fa-angle-right mx-1 font-weight-normal\"><\/i> <\/nav><\/div>\n\t\t  \n\t\n\n      \n\n\n\n\n\n\n\t\t\n  \n\n\t<\/div>\n  <\/div>\n<\/section>\n\n\t<section id=\"res-nav-tab-block_1a5a3326a7dc2463d72e944da1a3f09a\" class=\"res-block res-navtab alignfull style-standard layout01 py-1  Grau  \" style=\"background-color: #f4f4f4;\">\n\t\t<div class=\"inner-container container-wide\" data-aos=\"res-fadeIn\">\n\n\t\t\t\n\t\t\t\t\t\t\t\t\t\t\t <div class=\"subnavonepagerScrollerto \">\n\n\t\t\t\t\t\t\t\t\t\t\t\t\t<ul class=\"mobilenav-container\">\n\t\t\t\t\t\t\t\t<li class=\"mobile-dropdown-menu-opener current-page active\">\n\t\t\t\t\t\t\t\t\t<div class=\"nav-item-wrap\">Lehrstellen<i class=\"fa-light fa-chevron-down nav-arrow\"><\/i><\/div>\n\t\t\t\t\t\t\t\t<\/li>\n\t\t\t\t\t\t\t<\/ul>\n\t\t\t\t\t\t\t<div class=\"res-block-navigation dration2 fadeIn\">\n\t\t\t\t\t\t\t\t<div class=\"res-mobile-subnav navbar-collapse\"><ul id=\"menu-subnav-karriere\" class=\"nav nav-pills nav-fill nav-quer\"><li itemscope=\"itemscope\" itemtype=\"https:\/\/www.schema.org\/SiteNavigationElement\" id=\"menu-item-10964\" class=\"menu-item menu-item-type-post_type menu-item-object-page menu-item-10964 nav-item\"><a title=\"Karriere\" href=\"https:\/\/ebblo.com\/de\/ueber-uns\/karriere\/\" class=\"nav-link\">Karriere<\/a><\/li>\n<li itemscope=\"itemscope\" itemtype=\"https:\/\/www.schema.org\/SiteNavigationElement\" id=\"menu-item-10965\" class=\"menu-item menu-item-type-post_type menu-item-object-page menu-item-10965 nav-item\"><a title=\"Duales Studium\" href=\"https:\/\/ebblo.com\/de\/ueber-uns\/karriere\/duales-studium\/\" class=\"nav-link\">Duales Studium<\/a><\/li>\n<li itemscope=\"itemscope\" itemtype=\"https:\/\/www.schema.org\/SiteNavigationElement\" id=\"menu-item-10966\" class=\"menu-item menu-item-type-post_type menu-item-object-page menu-item-10966 nav-item\"><a title=\"Lehrstellen\" href=\"https:\/\/ebblo.com\/de\/ueber-uns\/karriere\/lehrstellen\/\" class=\"nav-link\">Lehrstellen<\/a><\/li>\n<\/ul><\/div>\t\t\t\t\t\t\t<\/div>\n\t\t\t\t\t\t\t\t\t\t\t<\/div>\n\t\t\t\t\t\n\t\t<\/div>\n\t<\/section>\n\n\n\n\n\n\n<section id=\"res-txt-block_8df2510f02cc692160696e2c34c3eca5\" class=\"res-block res-txt alignwide style-03 layout01 py-4  Transparent\" style=\"background: transparent;\">\n  <div class=\"inner-container container-off \" data-aos=\"res-fadeIn\">\n \n\t\t  \n\t\t \t  \n      \n      <div class=\"layout-1 txt-section\">\n\t\t<div class=\"row\">\t\n\t\t\t\n\t\t\n\t\t\t<div class=\"col-md-8 var-1spalten text-left\">\n\t\t\t\t\n\t\t\t\t<div class=\"txt-title-field\">\n\t\n\t\t\t\t\t\t\t\t   <h1 class=\"title-h1 \">Lehrstellen bei ebblo<\/h1>\n\t\t\t\t\t\n\t\t\n\t\t\t\t  \n\t\t\t\t   <h2 class=\"title-h2 \">Karriere<\/h2>\n\t\t\t\t\n\t\t\t\t\t\n\t\t\t\t\t \n\t\t\t\t\t<\/div>\n\n\t\t\t\t\t\t\t\t\t<div class=\"txt-textfield postContent pt-md-2 \">\n                        <p class=\"ewa-rteLine\">Der \u00f6ffentliche Personennahverkehr ist eine Branche mit Zukunft. ebblo beliefert diesen interessanten Markt mit innovativen Produkten und L\u00f6sungen. Hier bist Du richtig, wenn Deine Ausbildung m\u00f6glichst vielseitig, anspruchsvoll, eigenverantwortlich und international ausgerichtet sein soll!<\/p>\n<div class=\"ewa-rteLine\"><\/div>\n<p class=\"ewa-rteLine\">Wir bieten Lernenden folgende Lehrstellen:<\/p>\n\t\t\t\t\t<\/div>\n                \n                \n\t\t\t\t\t            <\/div>\n\t\t\t\t <\/div> \t\n\t\t<\/div>\n\t \n\t  \n \n \n\t<\/div>\n<\/section>\n\n\n\n\n\n<section id=\"res-text-bild-block_be02b557b7c53482754c69e0c933760f\" class=\"res-block res-text-bild alignfull style-standard layout01 py-4  Grau\" style=\"background-color: #f4f4f4;\">\n  <div class=\"inner-container container-wide \" data-aos=\"res-downIncomingMore\">\n\n\t\t\t  <style>\n\t\t\t @media only screen and (min-width: 970px) {\n\t\t\t  #res-text-bild-block_be02b557b7c53482754c69e0c933760f.res-text-bild .layout-1 .txt-imagebox.offset-md-1 {margin-left: 8%;}\n\t\t\t  #res-text-bild-block_be02b557b7c53482754c69e0c933760f.res-text-bild .layout-1 .txt-teaser-2spalten01.spalten-abstand {padding-right: %;}\n\t\t\t  #res-text-bild-block_be02b557b7c53482754c69e0c933760f.res-text-bild .layout-1 .txt-box.offset-md-1 {margin-left: 8%;}\n\t\t\t\t\t\t\t}\n\t\t\t \n\t\t  <\/style>\n\n\n        <div class=\"layout-1 row  \">\n\t\t\t<div class=\"col-md-6 txt-box teaser-img-center-height \">\n\t\t\t\t<div class=\"txt-title-field\">\n\t\t\t\t\t\n\t\t\t\t\t\t\t\t\t\t   <h2 class=\"title-h2 \">Kauffrau \/ Kaufmann EFZ (Profil M\/E oder B)<\/h2>\n\t\t\t\t\t\n\t\t\t\t\t\t\t\t\t<\/div>\n\t\t\t <div class=\"txt-text postContent pt-2 pt-md-2 \">\n\n\t\t\t\t\t\t\t\t\t\t \t\t\t\t\t\t  <p>Innerhalb der dreij\u00e4hrigen Ausbildung durchl\u00e4ufst Du mindestens f\u00fcnf interessante Abteilungen in unserem international t\u00e4tigen Unternehmen. Du erh\u00e4ltst einen \u00dcberblick, wer welche Aufgaben hat und wie die verschiedenen Bereiche zusammenarbeiten. Unter anderem bekommst Du Einblicke in das Marketing, die Finanzbuchhaltung und die Logistik. Auch andere spannende Abteilungen sind bei uns Teil des Ausbildungsprogramms, zum Beispiel die Produktentwicklung. Du lernst unsere EDV-Programme kennen und \u00fcbernimmst selber eigene Aufgaben in den Abteilungen.<\/p>\n\t\t\t\t\t\t\t\t\t\t\t\n\t\t\t\t\n\t\t\t\t\t \n\t\t\t\t\t\n\t\t\t\t<\/div>\n\n\n\t\t\t<\/div>\n\n\t\t\t<div class=\"col-md mb-2 mt-md-1 txt-imagebox teaser-img-center-height offset-md-1 \">\n\n\t\t\t\t\t\t\t\t\t\t<img loading=\"lazy\" decoding=\"async\" width=\"1000\" height=\"750\" src=\"https:\/\/ebblo.com\/wp-content\/uploads\/2026\/01\/ebblo-career-kv-1000x750.jpg\" class=\"img-fluid w-100 txt-img\" alt=\"\" \/>\t\t\t\t\t\t\t<\/div>\n\n\t\n\t<\/div>\n<\/section>\n\n\n\n\n\n<section id=\"res-text-bild-block_9029708ad6c69cb669e3a2750b767e03\" class=\"res-block res-text-bild alignfull style-standard layout01 py-4  Transparent\" style=\"background: transparent;\">\n  <div class=\"inner-container container-wide \" data-aos=\"res-downIncomingMore\">\n\n\t\t\t  <style>\n\t\t\t @media only screen and (min-width: 970px) {\n\t\t\t  #res-text-bild-block_9029708ad6c69cb669e3a2750b767e03.res-text-bild .layout-1 .txt-imagebox.offset-md-1 {margin-left: 8%;}\n\t\t\t  #res-text-bild-block_9029708ad6c69cb669e3a2750b767e03.res-text-bild .layout-1 .txt-teaser-2spalten01.spalten-abstand {padding-right: %;}\n\t\t\t  #res-text-bild-block_9029708ad6c69cb669e3a2750b767e03.res-text-bild .layout-1 .txt-box.offset-md-1 {margin-left: 8%;}\n\t\t\t\t\t\t\t}\n\t\t\t \n\t\t  <\/style>\n\n\n        <div class=\"layout-1 row flex-row-reverse \">\n\t\t\t<div class=\"col-md-6 txt-box teaser-img-center-height offset-md-1\">\n\t\t\t\t<div class=\"txt-title-field\">\n\t\t\t\t\t\n\t\t\t\t\t\t\t\t\t\t   <h2 class=\"title-h2 \">Elektroniker\/in EFZ<\/h2>\n\t\t\t\t\t\n\t\t\t\t\t\t\t\t\t<\/div>\n\t\t\t <div class=\"txt-text postContent pt-2 pt-md-2 \">\n\n\t\t\t\t\t\t\t\t\t\t \t\t\t\t\t\t  <p>In den vier Lehrjahren absolvierst Du einen abwechslungsreichen Rundgang durch die verschiedenen technischen Bereiche unseres Unternehmens. In der Reparaturstelle und der Hardware-Abteilung lernst Du die grundlegenden Schaltungstechniken sowie die Messger\u00e4te und Werkzeuge des Elektronikers kennen. Im Elektronik-Labor zeichnest du Elektronik-Schemata, baust selbst\u00e4ndig Messanordnungen auf und verfasst Messberichte. In der Entwicklungsabteilung lernst Du alle deine F\u00e4higkeiten zu nutzen, um neue Testinstrumente f\u00fcr unsere Produkte zu entwickeln. N\u00e4here Informationen zu dieser Ausbildung findest du hier: www.avil.ch (unter \u00abBerufe \u2013 Elektroniker\u00bb).<\/p>\n\t\t\t\t\t\t\t\t\t\t\t\n\t\t\t\t\n\t\t\t\t\t \n\t\t\t\t\t\n\t\t\t\t<\/div>\n\n\n\t\t\t<\/div>\n\n\t\t\t<div class=\"col-md mb-2 mt-md-1 txt-imagebox teaser-img-center-height  \">\n\n\t\t\t\t\t\t\t\t\t\t<img loading=\"lazy\" decoding=\"async\" width=\"1000\" height=\"750\" src=\"https:\/\/ebblo.com\/wp-content\/uploads\/2026\/01\/ebblo-career-elektriker-1000x750.jpg\" class=\"img-fluid w-100 txt-img\" alt=\"\" \/>\t\t\t\t\t\t\t<\/div>\n\n\t\n\t<\/div>\n<\/section>\n\n\n\n\n\n<section id=\"res-text-bild-block_246ac4a3c51b4271d65f66b7a9a02a42\" class=\"res-block res-text-bild alignfull style-standard layout01 py-4  Grau\" style=\"background-color: #f4f4f4;\">\n  <div class=\"inner-container container-wide \" data-aos=\"res-downIncomingMore\">\n\n\t\t\t  <style>\n\t\t\t @media only screen and (min-width: 970px) {\n\t\t\t  #res-text-bild-block_246ac4a3c51b4271d65f66b7a9a02a42.res-text-bild .layout-1 .txt-imagebox.offset-md-1 {margin-left: 8%;}\n\t\t\t  #res-text-bild-block_246ac4a3c51b4271d65f66b7a9a02a42.res-text-bild .layout-1 .txt-teaser-2spalten01.spalten-abstand {padding-right: %;}\n\t\t\t  #res-text-bild-block_246ac4a3c51b4271d65f66b7a9a02a42.res-text-bild .layout-1 .txt-box.offset-md-1 {margin-left: 8%;}\n\t\t\t\t\t\t\t}\n\t\t\t \n\t\t  <\/style>\n\n\n        <div class=\"layout-1 row  \">\n\t\t\t<div class=\"col-md-6 txt-box teaser-img-center-height \">\n\t\t\t\t<div class=\"txt-title-field\">\n\t\t\t\t\t\n\t\t\t\t\t\t\t\t\t\t   <h2 class=\"title-h2 \">Informatiker\/in EFZ<\/h2>\n\t\t\t\t\t\n\t\t\t\t\t\t\t\t\t<\/div>\n\t\t\t <div class=\"txt-text postContent pt-2 pt-md-2 \">\n\n\t\t\t\t\t\t\t\t\t\t \t\t\t\t\t\t  <p>Vier abwechslungsreiche Lehrjahre in den Bereichen Systembetreuung, Produktentwicklung und Technische Systeme erwarten Dich. Du erf\u00e4hrst alles \u00fcber den Ablauf von Computer-, Server- und Netzwerkinstallationen. In der Entwicklung wirst Du in die objektorientierte Programmierung eingef\u00fchrt und entwickelst eigene kleine Programme. Anschliessend kannst Du selbst internen Support \u00fcbernehmen und eigenst\u00e4ndig kleine Programme entwickeln.<\/p>\n\t\t\t\t\t\t\t\t\t\t\t\n\t\t\t\t\n\t\t\t\t\t \n\t\t\t\t\t\n\t\t\t\t<\/div>\n\n\n\t\t\t<\/div>\n\n\t\t\t<div class=\"col-md mb-2 mt-md-1 txt-imagebox teaser-img-center-height offset-md-1 \">\n\n\t\t\t\t\t\t\t\t\t\t<img loading=\"lazy\" decoding=\"async\" width=\"1000\" height=\"750\" src=\"https:\/\/ebblo.com\/wp-content\/uploads\/2026\/01\/ebblo-career-informatiker-1000x750.jpg\" class=\"img-fluid w-100 txt-img\" alt=\"\" \/>\t\t\t\t\t\t\t<\/div>\n\n\t\n\t<\/div>\n<\/section>\n\n\n\n\n\n\n<section id=\"res-txt-block_a592cbe0b0b86734cd99770bba24c241\" class=\"res-block res-txt style-standard layout02 py-4  Transparent\" style=\"background: transparent;\">\n  <div class=\"inner-container container-off \" data-aos=\"res-downIncomingMore\">\n \n\t\t  \n\t\t  <style>\n\t\t @media only screen and (min-width: 970px) {\n\t\t  #res-txt-block_a592cbe0b0b86734cd99770bba24c241.res-txt .layout-2 .spalten-abstand-1 { margin-right: calc(10% \/ 2);}\n\t\t  #res-txt-block_a592cbe0b0b86734cd99770bba24c241.res-txt .layout-2 .spalten-abstand-2 { margin-left: calc(10% \/ 2);}\n\t  <\/style>\n\t      \n    <div class=\"layout-2 txt-editor-spalten\">\n     <div class=\"row row-cols-1 row-cols-md- no-gutters\">\n\t \n\t\t \n        <!--   Spaltentext Loop Row  -->\n                                   <div class=\"col\">\n                     <div class=\"postContent\">\n\n                    <!--  Spalten Repeater  -->\n                                           \n                      <div class=\"row text-spalten-Box no-gutters \"> \n\n                            <div class=\"col-md-6 text-spalten-spalte01 \">\n                                <div class=\"spalten-abstand-1\">\n                                <h3><strong>Dein Hintergrund<\/strong><\/h3>\n<p>Du wirst im kommenden Sommer die Sekundarschule abschliessen und hast gute Noten in den sprachlichen F\u00e4chern sowie in Mathematik. Du bist eine offene, fr\u00f6hliche und aufgestellte Person. Dar\u00fcber hinaus arbeitest Du gerne mit Menschen und bist motiviert, Deinen neuen Lebensabschnitt mit Freude zu beginnen? Dann steht Deiner Bewerbung nichts mehr im Weg!<\/p>\n                                <\/div>     \n                            <\/div>\n\n                            <div class=\"col-md text-spalten-spalte02 \">\n                                <div class=\"spalten-abstand-2\">\n                              <h3><strong>Was wir dir bieten<\/strong><\/h3>\n<ul>\n<li>6 Wochen Ferien pro Jahr w\u00e4hrend der gesamten Lehrzeit<\/li>\n<li>Lehrlingsausfl\u00fcge<\/li>\n<li>Mitarbeiter-Events<\/li>\n<li>Verschiedene Lehrberufe: KV, Elektroniker, Informatiker<\/li>\n<li>Nach Lehrabschluss bei Bedarf \u00dcbernahme in Anstellungsverh\u00e4ltnis m\u00f6glich oder weitere 9 Monate im Unternehmen, um erste Berufserfahrungen zu sammeln<\/li>\n<\/ul>\n                            \t<\/div>\n                            <\/div>\n\n                      <\/div>\t\t\t\n\n                                           \n                    <\/div>\n                 <\/div>\n\n                                    <\/div> \n        <\/div>  \n\t \n\t  \n \n \n\t<\/div>\n<\/section>\n\n\n\n\n\n\n<section id=\"res-txt-block_2ae8bfe31f990c5fb267e0dbfc069893\" class=\"res-block res-txt alignfull style-standard layout01 py-4  Grau\" style=\"background-color: #f4f4f4;\">\n  <div class=\"inner-container container \" data-aos=\"res-downIncomingMore\">\n \n\t\t  \n\t\t \t  \n      \n      <div class=\"layout-1 txt-section\">\n\t\t<div class=\"row\">\t\n\t\t\t\n\t\t\n\t\t\t<div class=\"col-md-9 var-1spalten text-left\">\n\t\t\t\t\n\t\t\t\t<div class=\"txt-title-field\">\n\t\n\t\t\t\t\t\n\t\t\n\t\t\t\t  \n\t\t\t\t   <h2 class=\"title-h2 \">Bewerbung und weitere Ausk\u00fcnfte<\/h2>\n\t\t\t\t\n\t\t\t\t\t\n\t\t\t\t\t \n\t\t\t\t\t<\/div>\n\n\t\t\t\t\t\t\t\t\t<div class=\"txt-textfield postContent pt-md-1 \">\n                        <p>Wir freuen uns auf deine kompletten Bewerbungsunterlagen per E-Mail mit Lebenslauf, Zeugnissen der Sekundarschule und, wenn vorhanden, Multicheck oder Stellwerktest. F\u00fcr Informatiker: ZLI Multicheck f\u00fcr Informatiker.<\/p>\n\t\t\t\t\t<\/div>\n                \n                \n\t\t\t\t\t            <\/div>\n\t\t\t\t <\/div> \t\n\t\t<\/div>\n\t \n\t  \n \n \n\t<\/div>\n<\/section>\n\n\n\n\n\n\n<section id=\"res-txt-block_511196af3dd46d102829791e245b3f2f\" class=\"res-block res-txt alignwide style-standard layout01 pt-4  Transparent\" style=\"background: transparent;\">\n  <div class=\"inner-container container-off \" data-aos=\"res-fadeIn\">\n \n\t\t  \n\t\t \t  \n      \n      <div class=\"layout-1 txt-section\">\n\t\t<div class=\"row\">\t\n\t\t\t\n\t\t\n\t\t\t<div class=\"col-md-12 var-1spalten text-left\">\n\t\t\t\t\n\t\t\t\t<div class=\"txt-title-field\">\n\t\n\t\t\t\t\t\n\t\t\n\t\t\t\t  \n\t\t\t\t   <h2 class=\"title-h2 \">Kontakt f\u00fcr Bewerbung, Fragen und Ausk\u00fcnfte<\/h2>\n\t\t\t\t\n\t\t\t\t\t\n\t\t\t\t\t \n\t\t\t\t\t<\/div>\n\n\t\t\t\t\n                \n\t\t\t\t\t            <\/div>\n\t\t\t\t <\/div> \t\n\t\t<\/div>\n\t \n\t  \n \n \n\t<\/div>\n<\/section>\n\n\n\n \n\t<section id=\"filter-everything-container\" class=\"res-block res-boxes alignwide style-02 pt-3  Transparent\" style=\"background: transparent;\">\n        \n        \t\t\n        <div class=\"inner-container container-off \" data-aos=\"res-fadeIn\">\n\n\t\t\t<style>\n\t\t\t\t                \n                \n\t\t\t\t@media only screen and (min-width: 970px) {\n#res-boxes-block_516fffef38cb4d496170e34a571b15dc .box-col, #res-boxes-block_516fffef38cb4d496170e34a571b15dc .box-item {\n    padding-right: 0px;\n    padding-left: 0px;\n}\n\n#res-boxes-block_516fffef38cb4d496170e34a571b15dc .row {\n    margin-right: -0px;\n    margin-left: -0px;\n}\n\n\n\t\t\t\t\t\n\t\t\t\t\t\t\t\t}\n\t\t\t<\/style>\n\n\t\t\t\n\t\t\t\n\t\t\t<div id=\"res-boxes-block_516fffef38cb4d496170e34a571b15dc\" class=\"row row-cols-1 row-cols-md-2 no-gutters boxes-frame equal-boxheight \" >\n\n\t\t\t\t\n\t\t\t\t\n\t\t\t\t\t\t\t\t<div class=\"col-md team-col mb-0 box-item team-item boxlayout03   \" >\n\n\t\t\t\t\t<div class=\"box-inner team-url-link  bg-light  h-100\">\n\n\t\t\t\t\t\t\t\t\t\t\t\t\t<div class=\"teamBox postBox text-left \">\n\n\t\t\t\t\t\t\t\t\t\t\t\t\t\t\t\t\t<div class=\"teamImg postImg mb-1 overflow-hidden \">\n                                    <img loading=\"lazy\" decoding=\"async\" width=\"1000\" height=\"750\" src=\"https:\/\/ebblo.com\/wp-content\/uploads\/2026\/01\/mariam_krebser_linkedin-1000x750.jpeg\" class=\"img-fluid w-100 post-img\" alt=\"\" \/>                                <\/div>\n\t\t\t\t\t\t\t\t\n\t\t\t\t\t\t\t\t<div class=\"teamContent postContent box-padding03 h-100\">\n\t\t\t\t\t\t\t\t<div class=\"texte-team\">\n\t\t\t\t\t\t\t\t\t<h2>Mariam Krebser<\/h2>\n\n\t\t\t\t\t\t\t\t\t\t\t\t\t\t\t\t\t<div class=\"vorschau-text pb-1\">\n\t\t\t\t\t\t\t\t\t\tSenior HR Business Partner\t\t\t\t\t\t\t\t\t<\/div>\n\t\t\t\t\t\t\t\t\t\t\t\t\t\t\t\t<\/div>\n\n\t\t\t\t\t\t\t\t\t\t\t\t\t\t\t\t\t\t\t\t\t\t\t\t\t\t\t\t\t\t\t\t\t\t                                    \n\t<div class=\"team-infos pb-1\">\n\n\t\t\n\t\t\t\t\t<div class=\"team-kontakt pt-1\">\n\t\t\t\t\t\t\t\t<object>\n\t\t\t\t\t<a href=\"mailto:mariam.krebser@ebblo.com\"\n\t\t\t\t\t   class=\"team-contact-icon-link \"\n\t\t\t\t\t   title=\"mariam.krebser@ebblo.com\">\n\t\t\t\t\t\t<i class=\"fa-solid fa-envelope\"><\/i>\t\t\t\t\t\t<span class=\"contact-text\">mariam.krebser@ebblo.com<\/span>\n\t\t\t\t\t<\/a><\/object>\n\t\t\t\t\t\t\t<\/div>\n\t\t\n\t\t\t\t\t<div class=\"team-social pt-1\">\n\t\t\t\t\t\t\t\t<object>\n\t\t\t\t\t<a href=\"https:\/\/www.linkedin.com\/in\/mariam-krebser-1804758b\/\"\n\t\t\t\t\t   class=\"team-social-icon-link\"\n\t\t\t\t\t   target=\"_blank\"\n\t\t\t\t\t   title=\"LinkedIn\">\n\t\t\t\t\t\t<i class=\"fa-brands fa-linkedin-in\"><\/i>\t\t\t\t\t<\/a><\/object>\n\t\t\t\t\t\t\t<\/div>\n\t\t\n\t<\/div>\n\n                                    \n\n\n\n\n\n\t\t\t\t\t\t\t<\/div>\n\t\t\t\t\t<\/div>\n\t\t\t\t\t\n\t\t\t\t\t\t\t\t\t<\/div>\n\n\t\t\t\t<\/div>\n\n\t\t\t\t\t\t\t\t\t\t<\/div>\n\t\t\t\t<\/div>\n\n\t\t\t<\/section>\n\n","protected":false},"excerpt":{"rendered":"","protected":false},"author":1,"featured_media":5804,"parent":3770,"menu_order":0,"comment_status":"closed","ping_status":"closed","template":"","meta":{"_acf_changed":false,"footnotes":""},"class_list":["post-4445","page","type-page","status-publish","has-post-thumbnail","hentry"],"acf":[],"_links":{"self":[{"href":"https:\/\/ebblo.com\/de\/wp-json\/wp\/v2\/pages\/4445","targetHints":{"allow":["GET"]}}],"collection":[{"href":"https:\/\/ebblo.com\/de\/wp-json\/wp\/v2\/pages"}],"about":[{"href":"https:\/\/ebblo.com\/de\/wp-json\/wp\/v2\/types\/page"}],"author":[{"embeddable":true,"href":"https:\/\/ebblo.com\/de\/wp-json\/wp\/v2\/users\/1"}],"replies":[{"embeddable":true,"href":"https:\/\/ebblo.com\/de\/wp-json\/wp\/v2\/comments?post=4445"}],"version-history":[{"count":21,"href":"https:\/\/ebblo.com\/de\/wp-json\/wp\/v2\/pages\/4445\/revisions"}],"predecessor-version":[{"id":10969,"href":"https:\/\/ebblo.com\/de\/wp-json\/wp\/v2\/pages\/4445\/revisions\/10969"}],"up":[{"embeddable":true,"href":"https:\/\/ebblo.com\/de\/wp-json\/wp\/v2\/pages\/3770"}],"wp:featuredmedia":[{"embeddable":true,"href":"https:\/\/ebblo.com\/de\/wp-json\/wp\/v2\/media\/5804"}],"wp:attachment":[{"href":"https:\/\/ebblo.com\/de\/wp-json\/wp\/v2\/media?parent=4445"}],"curies":[{"name":"wp","href":"https:\/\/api.w.org\/{rel}","templated":true}]}}