{"id":3826,"date":"2025-12-09T10:00:27","date_gmt":"2025-12-09T09:00:27","guid":{"rendered":"https:\/\/ebblo.musterpage.ch\/dev\/?page_id=3826"},"modified":"2026-04-17T08:41:16","modified_gmt":"2026-04-17T06:41:16","slug":"news-insights","status":"publish","type":"page","link":"https:\/\/ebblo.com\/de\/aktuelles\/news-insights\/","title":{"rendered":"News &amp; Insights"},"content":{"rendered":"\n \n\n\n\n\n<section id=\"res-link-anker-block_c8bfbf6412e4c25f6d37198035bdf065\" class=\"linkanker-section\">\n<div  class=\"res-block res-link-anker alignfull style-standard py-2  Brand-Color \" style=\"\">\n\n  <div class=\"inner-container container-wide\" data-aos=\"res-fadeIn\">\n\t  \n\t  \t\t<div class=\"breadcrumbs\"><nav class=\"breadcrumb\" data-aos=\"res-fadeIn\"><span class=\"breadcrumb-item\">Home<\/span> <i class=\"fa-solid fa-angle-right mx-1 font-weight-normal\"><\/i> <\/nav><\/div>\n\t\t  \n\t\n\n      \n\n\n\n\n\n\n\t\t\n  \n\n\t<\/div>\n  <\/div>\n<\/section>\n\n\n\n\n<section id=\"res-txt-block_4fa2b60aab90173842e5fa143d4ef3fe\" class=\"res-block res-txt alignwide style-03 layout01 pt-4  Transparent\" style=\"background: transparent;\">\n  <div class=\"inner-container container-off \" data-aos=\"res-fadeIn\">\n \n\t\t  \n\t\t \t  \n      \n      <div class=\"layout-1 txt-section\">\n\t\t<div class=\"row\">\t\n\t\t\t\n\t\t\n\t\t\t<div class=\"col-md-8 var-1spalten text-left\">\n\t\t\t\t\n\t\t\t\t<div class=\"txt-title-field\">\n\t\n\t\t\t\t\t\t\t\t   <h1 class=\"title-h1 \">News und Insights<\/h1>\n\t\t\t\t\t\n\t\t\n\t\t\t\t\n\t\t\t\t\t\n\t\t\t\t\t \n\t\t\t\t\t<\/div>\n\n\t\t\t\t\n                \n\t\t\t\t\t            <\/div>\n\t\t\t\t <\/div> \t\n\t\t<\/div>\n\t \n\t  \n \n \n\t<\/div>\n<\/section>\n\n\n\n \n\t<section id=\"filter-everything-container\" class=\"res-block res-boxes alignwide style-standard py-3  Transparent\" style=\"background: transparent;\">\n        \n        \t\t\t\t\t<div class=\"filter-everything-filters\">\n\n\t\t\t\t\n\t\t\t<\/div>\n\t\t\n        <div class=\"inner-container container-off \" data-aos=\"res-downIncomingMore\">\n\n\t\t\t<style>\n\t\t\t\t                \n                \n\t\t\t\t@media only screen and (min-width: 970px) {\n#res-boxes-block_206b7d6dc1f143d0ac9db8eec897283f .box-col, #res-boxes-block_206b7d6dc1f143d0ac9db8eec897283f .box-item {\n    padding-right: 15px;\n    padding-left: 15px;\n}\n\n#res-boxes-block_206b7d6dc1f143d0ac9db8eec897283f .row {\n    margin-right: -15px;\n    margin-left: -15px;\n}\n\n\n\t\t\t\t\t\n\t\t\t\t\t\t\t\t}\n\t\t\t<\/style>\n\n\t\t\t\n\t\t\t\n\t\t\t<div id=\"res-boxes-block_206b7d6dc1f143d0ac9db8eec897283f\" class=\"row row-cols-1 row-cols-md-4 no-gutters boxes-frame equal-boxheight \" >\n\n\t\t\t\t\n\t\t\t\t\n\t\t\t\t\t\t\t\t<div class=\"col-md box-col mb-3 mb-md-3 box-item boxlayout01 medienmitteilung      mit-kategorie \">\n\n\t\t\t\t\t<div class=\"box-inner bg-light scale-box h-100  \">\n    <a href=\"https:\/\/ebblo.com\/de\/trapeze-group-erhaelt-von-transport-for-nsw-auftrag-zur-lieferung-der-busloesung-opal-next-generation\/\" target=\"_parent\">\n        \t\n        \n        \t\n\t\t\t\t\t\t\t<div class=\"postBox text-left \">\n\n\t\t\t\t\t\t\t\t\t\t\t\t\t\t\t\t\t<div class=\"postImg box-img mb-1 overflow-hidden \">\n\t\t\t\t\t\t\t\t\t\t<img loading=\"lazy\" decoding=\"async\" width=\"1920\" height=\"1080\" src=\"https:\/\/ebblo.com\/wp-content\/uploads\/2026\/04\/homepage-NSW-1920x1080.jpg\" class=\"img-fluid w-100\" alt=\"\u00d6ffentlicher Bus in New South Wales, Australien\" \/>\t\t\t\t\t\t\t\t\t<\/div>\n\t\t\t\t\t\t\t\t\n\t\t\t\t\t\t\t\t<div class=\"postContent box-padding02 h-100\">\n\n\t\t\t\t\t\t\t\t\t\n\t\t\t\t\t\t\t\t\t\t\t\t\t\t\t\t\t\t\n\t\t\t\t\t\t\t\t\t\t\t\t\t\t\t\t\t\t\t<div class=\"box-post-category \">\n\t\t\t\t\t\t\t\t\t\t\t<span>Medienmitteilung<\/span>\t\t\t\t\t\t\t\t\t\t<\/div>\n\t\t\t\t\t\t\t\t\t\t\t\t\t\t\t\t\t\t\n\t\t\t\t\t\t\t\t\t\t\t\t\t\t\t\t\t\t    <p class=\"small mb-1\">April 2026<\/p>\n                                    \t\t\t\t\t\t\t\t\t\t\t\t\t\t\t\t\t\t\t\t\t\t\t\t\t\t\t\n\t\t\t\t\t\t\t\t\t\n\t\t\t\t\t\t\t\t<h4 >Trapeze Group erh\u00e4lt von Transport for NSW Auftrag zur Lieferung der Busl\u00f6sung Opal Next Generation<\/h4>\n\t\t\t\t\t\t\t\t\t\n\t\t\t\t\t\t\t\t\n\t\t\t\t\t\t\t\t\t\t\t\t\t\t\t\t                                <i class=\"fa-light fa-arrow-right-long my-2 d-block\"><\/i>\n\t\t\t\t\t\t\t\t\t\t\t\t\t\t\t\t\t\n\t\t\t\t\t\t\t<\/div>\n\t\t\t\t\t<\/div>\n        \t\t\t\t\t\t\t\t\t\t\t<\/a>\n\t\t\t\t\t\t\t\t\t\t                        \n                    \n\t\t\t\t\t\n\t\t\t\t<\/div>\n\n\t\t\t<\/div>\n\t\t\n\t\t\t\t\t\t\t\t<div class=\"col-md box-col mb-3 mb-md-3 box-item boxlayout01 case-study      mit-kategorie \">\n\n\t\t\t\t\t<div class=\"box-inner bg-light scale-box h-100  \">\n    <a href=\"https:\/\/ebblo.com\/de\/case-study-hamburger-hochbahn-ag-v2x-optimiert-lichtsignalbeeinflussung\/\" target=\"_parent\">\n        \t\n        \n        \t\n\t\t\t\t\t\t\t<div class=\"postBox text-left \">\n\n\t\t\t\t\t\t\t\t\t\t\t\t\t\t\t\t\t<div class=\"postImg box-img mb-1 overflow-hidden \">\n\t\t\t\t\t\t\t\t\t\t<img loading=\"lazy\" decoding=\"async\" width=\"1920\" height=\"1080\" src=\"https:\/\/ebblo.com\/wp-content\/uploads\/2026\/04\/ebblo_news_case_study_hamburger_hochbahn_v2x-1920x1080.jpg\" class=\"img-fluid w-100\" alt=\"Ein Bus der Hamburger Hochbahn\" \/>\t\t\t\t\t\t\t\t\t<\/div>\n\t\t\t\t\t\t\t\t\n\t\t\t\t\t\t\t\t<div class=\"postContent box-padding02 h-100\">\n\n\t\t\t\t\t\t\t\t\t\n\t\t\t\t\t\t\t\t\t\t\t\t\t\t\t\t\t\t\n\t\t\t\t\t\t\t\t\t\t\t\t\t\t\t\t\t\t\t<div class=\"box-post-category \">\n\t\t\t\t\t\t\t\t\t\t\t<span>Case Study<\/span>\t\t\t\t\t\t\t\t\t\t<\/div>\n\t\t\t\t\t\t\t\t\t\t\t\t\t\t\t\t\t\t\n\t\t\t\t\t\t\t\t\t\t\t\t\t\t\t\t\t\t    <p class=\"small mb-1\">April 2026<\/p>\n                                    \t\t\t\t\t\t\t\t\t\t\t\t\t\t\t\t\t\t\t\t\t\t\t\t\t\t\t\n\t\t\t\t\t\t\t\t\t\n\t\t\t\t\t\t\t\t<h4 >Case Study: Hamburger Hochbahn AG \u2013 V2X optimiert Licht\u00adsignal\u00adbeein\u00adflussung<\/h4>\n\t\t\t\t\t\t\t\t\t\n\t\t\t\t\t\t\t\t\n\t\t\t\t\t\t\t\t\t\t\t\t\t\t\t\t                                <i class=\"fa-light fa-arrow-right-long my-2 d-block\"><\/i>\n\t\t\t\t\t\t\t\t\t\t\t\t\t\t\t\t\t\n\t\t\t\t\t\t\t<\/div>\n\t\t\t\t\t<\/div>\n        \t\t\t\t\t\t\t\t\t\t\t<\/a>\n\t\t\t\t\t\t\t\t\t\t                        \n                    \n\t\t\t\t\t\n\t\t\t\t<\/div>\n\n\t\t\t<\/div>\n\t\t\n\t\t\t\t\t\t\t\t<div class=\"col-md box-col mb-3 mb-md-3 box-item boxlayout01 news      mit-kategorie \">\n\n\t\t\t\t\t<div class=\"box-inner bg-light scale-box h-100  \">\n    <a href=\"https:\/\/ebblo.com\/de\/world-public-transport-day-internationaler-aktionstag-fuer-den-oepnv\/\" target=\"_parent\">\n        \t\n        \n        \t\n\t\t\t\t\t\t\t<div class=\"postBox text-left \">\n\n\t\t\t\t\t\t\t\t\t\t\t\t\t\t\t\t\t<div class=\"postImg box-img mb-1 overflow-hidden \">\n\t\t\t\t\t\t\t\t\t\t<img loading=\"lazy\" decoding=\"async\" width=\"1920\" height=\"1080\" src=\"https:\/\/ebblo.com\/wp-content\/uploads\/2026\/04\/ebblo-news-uitp-world-public-transport-day-2026-en-thumb.jpg\" class=\"img-fluid w-100\" alt=\"World Public Transport Day\" srcset=\"https:\/\/ebblo.com\/wp-content\/uploads\/2026\/04\/ebblo-news-uitp-world-public-transport-day-2026-en-thumb.jpg 1920w, https:\/\/ebblo.com\/wp-content\/uploads\/2026\/04\/ebblo-news-uitp-world-public-transport-day-2026-en-thumb-600x338.jpg 600w, https:\/\/ebblo.com\/wp-content\/uploads\/2026\/04\/ebblo-news-uitp-world-public-transport-day-2026-en-thumb-1300x731.jpg 1300w, https:\/\/ebblo.com\/wp-content\/uploads\/2026\/04\/ebblo-news-uitp-world-public-transport-day-2026-en-thumb-768x432.jpg 768w, https:\/\/ebblo.com\/wp-content\/uploads\/2026\/04\/ebblo-news-uitp-world-public-transport-day-2026-en-thumb-1536x864.jpg 1536w\" sizes=\"auto, (max-width: 1920px) 100vw, 1920px\" \/>\t\t\t\t\t\t\t\t\t<\/div>\n\t\t\t\t\t\t\t\t\n\t\t\t\t\t\t\t\t<div class=\"postContent box-padding02 h-100\">\n\n\t\t\t\t\t\t\t\t\t\n\t\t\t\t\t\t\t\t\t\t\t\t\t\t\t\t\t\t\n\t\t\t\t\t\t\t\t\t\t\t\t\t\t\t\t\t\t\t<div class=\"box-post-category \">\n\t\t\t\t\t\t\t\t\t\t\t<span>News<\/span>\t\t\t\t\t\t\t\t\t\t<\/div>\n\t\t\t\t\t\t\t\t\t\t\t\t\t\t\t\t\t\t\n\t\t\t\t\t\t\t\t\t\t\t\t\t\t\t\t\t\t    <p class=\"small mb-1\">April 2026<\/p>\n                                    \t\t\t\t\t\t\t\t\t\t\t\t\t\t\t\t\t\t\t\t\t\t\t\t\t\t\t\n\t\t\t\t\t\t\t\t\t\n\t\t\t\t\t\t\t\t<h4 >World Public Transport Day: Internationaler Aktionstag f\u00fcr den \u00d6PNV<\/h4>\n\t\t\t\t\t\t\t\t\t\n\t\t\t\t\t\t\t\t\n\t\t\t\t\t\t\t\t\t\t\t\t\t\t\t\t                                <i class=\"fa-light fa-arrow-right-long my-2 d-block\"><\/i>\n\t\t\t\t\t\t\t\t\t\t\t\t\t\t\t\t\t\n\t\t\t\t\t\t\t<\/div>\n\t\t\t\t\t<\/div>\n        \t\t\t\t\t\t\t\t\t\t\t<\/a>\n\t\t\t\t\t\t\t\t\t\t                        \n                    \n\t\t\t\t\t\n\t\t\t\t<\/div>\n\n\t\t\t<\/div>\n\t\t\n\t\t\t\t\t\t\t\t<div class=\"col-md box-col mb-3 mb-md-3 box-item boxlayout01 news      mit-kategorie \">\n\n\t\t\t\t\t<div class=\"box-inner bg-light scale-box h-100  \">\n    <a href=\"https:\/\/ebblo.com\/de\/impuls-mobilitaetsforum-2026-in-stuttgart-fortschritt-entsteht-durch-veraenderung\/\" target=\"_parent\">\n        \t\n        \n        \t\n\t\t\t\t\t\t\t<div class=\"postBox text-left \">\n\n\t\t\t\t\t\t\t\t\t\t\t\t\t\t\t\t\t<div class=\"postImg box-img mb-1 overflow-hidden \">\n\t\t\t\t\t\t\t\t\t\t<img loading=\"lazy\" decoding=\"async\" width=\"1920\" height=\"1080\" src=\"https:\/\/ebblo.com\/wp-content\/uploads\/2026\/03\/ebblo-news-impuls-mobilitaetsforum-2026-thumb.jpg\" class=\"img-fluid w-100\" alt=\"Impuls Mobilit\u00e4tsforum 2026\" srcset=\"https:\/\/ebblo.com\/wp-content\/uploads\/2026\/03\/ebblo-news-impuls-mobilitaetsforum-2026-thumb.jpg 1920w, https:\/\/ebblo.com\/wp-content\/uploads\/2026\/03\/ebblo-news-impuls-mobilitaetsforum-2026-thumb-600x338.jpg 600w, https:\/\/ebblo.com\/wp-content\/uploads\/2026\/03\/ebblo-news-impuls-mobilitaetsforum-2026-thumb-1300x731.jpg 1300w, https:\/\/ebblo.com\/wp-content\/uploads\/2026\/03\/ebblo-news-impuls-mobilitaetsforum-2026-thumb-768x432.jpg 768w, https:\/\/ebblo.com\/wp-content\/uploads\/2026\/03\/ebblo-news-impuls-mobilitaetsforum-2026-thumb-1536x864.jpg 1536w\" sizes=\"auto, (max-width: 1920px) 100vw, 1920px\" \/>\t\t\t\t\t\t\t\t\t<\/div>\n\t\t\t\t\t\t\t\t\n\t\t\t\t\t\t\t\t<div class=\"postContent box-padding02 h-100\">\n\n\t\t\t\t\t\t\t\t\t\n\t\t\t\t\t\t\t\t\t\t\t\t\t\t\t\t\t\t\n\t\t\t\t\t\t\t\t\t\t\t\t\t\t\t\t\t\t\t<div class=\"box-post-category \">\n\t\t\t\t\t\t\t\t\t\t\t<span>News<\/span>\t\t\t\t\t\t\t\t\t\t<\/div>\n\t\t\t\t\t\t\t\t\t\t\t\t\t\t\t\t\t\t\n\t\t\t\t\t\t\t\t\t\t\t\t\t\t\t\t\t\t    <p class=\"small mb-1\">M\u00e4rz 2026<\/p>\n                                    \t\t\t\t\t\t\t\t\t\t\t\t\t\t\t\t\t\t\t\t\t\t\t\t\t\t\t\n\t\t\t\t\t\t\t\t\t\n\t\t\t\t\t\t\t\t<h4 >Impuls Mobilit\u00e4tsforum 2026 in Stuttgart: \u00abFortschritt entsteht durch Ver\u00e4nderung\u00bb<\/h4>\n\t\t\t\t\t\t\t\t\t\n\t\t\t\t\t\t\t\t\n\t\t\t\t\t\t\t\t\t\t\t\t\t\t\t\t                                <i class=\"fa-light fa-arrow-right-long my-2 d-block\"><\/i>\n\t\t\t\t\t\t\t\t\t\t\t\t\t\t\t\t\t\n\t\t\t\t\t\t\t<\/div>\n\t\t\t\t\t<\/div>\n        \t\t\t\t\t\t\t\t\t\t\t<\/a>\n\t\t\t\t\t\t\t\t\t\t                        \n                    \n\t\t\t\t\t\n\t\t\t\t<\/div>\n\n\t\t\t<\/div>\n\t\t\n\t\t\t\t\t\t\t\t<div class=\"col-md box-col mb-3 mb-md-3 box-item boxlayout01 news      mit-kategorie \">\n\n\t\t\t\t\t<div class=\"box-inner bg-light scale-box h-100  \">\n    <a href=\"https:\/\/ebblo.com\/de\/aktuelle-schulungsangebote-von-ebblo\/\" target=\"_parent\">\n        \t\n        \n        \t\n\t\t\t\t\t\t\t<div class=\"postBox text-left \">\n\n\t\t\t\t\t\t\t\t\t\t\t\t\t\t\t\t\t<div class=\"postImg box-img mb-1 overflow-hidden \">\n\t\t\t\t\t\t\t\t\t\t<img loading=\"lazy\" decoding=\"async\" width=\"1920\" height=\"1080\" src=\"https:\/\/ebblo.com\/wp-content\/uploads\/2026\/03\/ebblo-schulungs-angebote-1920x1080.jpg\" class=\"img-fluid w-100\" alt=\"Schulungsraum von ebblo in Neuhausen w\u00e4hrend einem Training\" \/>\t\t\t\t\t\t\t\t\t<\/div>\n\t\t\t\t\t\t\t\t\n\t\t\t\t\t\t\t\t<div class=\"postContent box-padding02 h-100\">\n\n\t\t\t\t\t\t\t\t\t\n\t\t\t\t\t\t\t\t\t\t\t\t\t\t\t\t\t\t\n\t\t\t\t\t\t\t\t\t\t\t\t\t\t\t\t\t\t\t<div class=\"box-post-category \">\n\t\t\t\t\t\t\t\t\t\t\t<span>News<\/span>\t\t\t\t\t\t\t\t\t\t<\/div>\n\t\t\t\t\t\t\t\t\t\t\t\t\t\t\t\t\t\t\n\t\t\t\t\t\t\t\t\t\t\t\t\t\t\t\t\t\t    <p class=\"small mb-1\">M\u00e4rz 2026<\/p>\n                                    \t\t\t\t\t\t\t\t\t\t\t\t\t\t\t\t\t\t\t\t\t\t\t\t\t\t\t\n\t\t\t\t\t\t\t\t\t\n\t\t\t\t\t\t\t\t<h4 >Aktuelle Schulungsangebote von ebblo<\/h4>\n\t\t\t\t\t\t\t\t\t\n\t\t\t\t\t\t\t\t\n\t\t\t\t\t\t\t\t\t\t\t\t\t\t\t\t                                <i class=\"fa-light fa-arrow-right-long my-2 d-block\"><\/i>\n\t\t\t\t\t\t\t\t\t\t\t\t\t\t\t\t\t\n\t\t\t\t\t\t\t<\/div>\n\t\t\t\t\t<\/div>\n        \t\t\t\t\t\t\t\t\t\t\t<\/a>\n\t\t\t\t\t\t\t\t\t\t                        \n                    \n\t\t\t\t\t\n\t\t\t\t<\/div>\n\n\t\t\t<\/div>\n\t\t\n\t\t\t\t\t\t\t\t<div class=\"col-md box-col mb-3 mb-md-3 box-item boxlayout01 medienmitteilung      mit-kategorie \">\n\n\t\t\t\t\t<div class=\"box-inner bg-light scale-box h-100  \">\n    <a href=\"https:\/\/ebblo.com\/de\/stadler-und-ebblo-starten-strategische-kooperation-fuer-moderne-fahrgastinformation\/\" target=\"_parent\">\n        \t\n        \n        \t\n\t\t\t\t\t\t\t<div class=\"postBox text-left \">\n\n\t\t\t\t\t\t\t\t\t\t\t\t\t\t\t\t\t<div class=\"postImg box-img mb-1 overflow-hidden \">\n\t\t\t\t\t\t\t\t\t\t<img loading=\"lazy\" decoding=\"async\" width=\"1920\" height=\"1080\" src=\"https:\/\/ebblo.com\/wp-content\/uploads\/2026\/03\/Stadler-ebblo3-1920x1080.jpg\" class=\"img-fluid w-100\" alt=\"Die Teams von Stadler Signalling Germany und ebblo Western Europe\" \/>\t\t\t\t\t\t\t\t\t<\/div>\n\t\t\t\t\t\t\t\t\n\t\t\t\t\t\t\t\t<div class=\"postContent box-padding02 h-100\">\n\n\t\t\t\t\t\t\t\t\t\n\t\t\t\t\t\t\t\t\t\t\t\t\t\t\t\t\t\t\n\t\t\t\t\t\t\t\t\t\t\t\t\t\t\t\t\t\t\t<div class=\"box-post-category \">\n\t\t\t\t\t\t\t\t\t\t\t<span>Medienmitteilung<\/span>\t\t\t\t\t\t\t\t\t\t<\/div>\n\t\t\t\t\t\t\t\t\t\t\t\t\t\t\t\t\t\t\n\t\t\t\t\t\t\t\t\t\t\t\t\t\t\t\t\t\t    <p class=\"small mb-1\">M\u00e4rz 2026<\/p>\n                                    \t\t\t\t\t\t\t\t\t\t\t\t\t\t\t\t\t\t\t\t\t\t\t\t\t\t\t\n\t\t\t\t\t\t\t\t\t\n\t\t\t\t\t\t\t\t<h4 >Stadler und ebblo starten strategische Kooperation f\u00fcr moderne Fahrgastinformation<\/h4>\n\t\t\t\t\t\t\t\t\t\n\t\t\t\t\t\t\t\t\n\t\t\t\t\t\t\t\t\t\t\t\t\t\t\t\t                                <i class=\"fa-light fa-arrow-right-long my-2 d-block\"><\/i>\n\t\t\t\t\t\t\t\t\t\t\t\t\t\t\t\t\t\n\t\t\t\t\t\t\t<\/div>\n\t\t\t\t\t<\/div>\n        \t\t\t\t\t\t\t\t\t\t\t<\/a>\n\t\t\t\t\t\t\t\t\t\t                        \n                    \n\t\t\t\t\t\n\t\t\t\t<\/div>\n\n\t\t\t<\/div>\n\t\t\n\t\t\t\t\t\t\t\t<div class=\"col-md box-col mb-3 mb-md-3 box-item boxlayout01 news      mit-kategorie \">\n\n\t\t\t\t\t<div class=\"box-inner bg-light scale-box h-100  \">\n    <a href=\"https:\/\/ebblo.com\/de\/ebblo-auf-der-mobility-move-in-berlin-die-zukunft-auf-die-strasse-bringen\/\" target=\"_parent\">\n        \t\n        \n        \t\n\t\t\t\t\t\t\t<div class=\"postBox text-left \">\n\n\t\t\t\t\t\t\t\t\t\t\t\t\t\t\t\t\t<div class=\"postImg box-img mb-1 overflow-hidden \">\n\t\t\t\t\t\t\t\t\t\t<img loading=\"lazy\" decoding=\"async\" width=\"1920\" height=\"1080\" src=\"https:\/\/ebblo.com\/wp-content\/uploads\/2026\/02\/ebblo-news-mobility-move-2026-thumb.jpg\" class=\"img-fluid w-100\" alt=\"mob\" srcset=\"https:\/\/ebblo.com\/wp-content\/uploads\/2026\/02\/ebblo-news-mobility-move-2026-thumb.jpg 1920w, https:\/\/ebblo.com\/wp-content\/uploads\/2026\/02\/ebblo-news-mobility-move-2026-thumb-600x338.jpg 600w, https:\/\/ebblo.com\/wp-content\/uploads\/2026\/02\/ebblo-news-mobility-move-2026-thumb-1300x731.jpg 1300w, https:\/\/ebblo.com\/wp-content\/uploads\/2026\/02\/ebblo-news-mobility-move-2026-thumb-768x432.jpg 768w, https:\/\/ebblo.com\/wp-content\/uploads\/2026\/02\/ebblo-news-mobility-move-2026-thumb-1536x864.jpg 1536w\" sizes=\"auto, (max-width: 1920px) 100vw, 1920px\" \/>\t\t\t\t\t\t\t\t\t<\/div>\n\t\t\t\t\t\t\t\t\n\t\t\t\t\t\t\t\t<div class=\"postContent box-padding02 h-100\">\n\n\t\t\t\t\t\t\t\t\t\n\t\t\t\t\t\t\t\t\t\t\t\t\t\t\t\t\t\t\n\t\t\t\t\t\t\t\t\t\t\t\t\t\t\t\t\t\t\t<div class=\"box-post-category \">\n\t\t\t\t\t\t\t\t\t\t\t<span>News<\/span>\t\t\t\t\t\t\t\t\t\t<\/div>\n\t\t\t\t\t\t\t\t\t\t\t\t\t\t\t\t\t\t\n\t\t\t\t\t\t\t\t\t\t\t\t\t\t\t\t\t\t    <p class=\"small mb-1\">Februar 2026<\/p>\n                                    \t\t\t\t\t\t\t\t\t\t\t\t\t\t\t\t\t\t\t\t\t\t\t\t\t\t\t\n\t\t\t\t\t\t\t\t\t\n\t\t\t\t\t\t\t\t<h4 >ebblo auf der mobility move in Berlin: Die Zukunft auf die Stra\u00dfe bringen<\/h4>\n\t\t\t\t\t\t\t\t\t\n\t\t\t\t\t\t\t\t\n\t\t\t\t\t\t\t\t\t\t\t\t\t\t\t\t                                <i class=\"fa-light fa-arrow-right-long my-2 d-block\"><\/i>\n\t\t\t\t\t\t\t\t\t\t\t\t\t\t\t\t\t\n\t\t\t\t\t\t\t<\/div>\n\t\t\t\t\t<\/div>\n        \t\t\t\t\t\t\t\t\t\t\t<\/a>\n\t\t\t\t\t\t\t\t\t\t                        \n                    \n\t\t\t\t\t\n\t\t\t\t<\/div>\n\n\t\t\t<\/div>\n\t\t\n\t\t\t\t\t\t\t\t<div class=\"col-md box-col mb-3 mb-md-3 box-item boxlayout01 news medienmitteilung      mit-kategorie \">\n\n\t\t\t\t\t<div class=\"box-inner bg-light scale-box h-100  \">\n    <a href=\"https:\/\/ebblo.com\/de\/trapeze-prasentiert-ebblo-die-neue-marke-fur-itcs-losungen\/\" target=\"_parent\">\n        \t\n        \n        \t\n\t\t\t\t\t\t\t<div class=\"postBox text-left \">\n\n\t\t\t\t\t\t\t\t\t\t\t\t\t\t\t\t\t<div class=\"postImg box-img mb-1 overflow-hidden \">\n\t\t\t\t\t\t\t\t\t\t<img loading=\"lazy\" decoding=\"async\" width=\"1920\" height=\"1080\" src=\"https:\/\/ebblo.com\/wp-content\/uploads\/2026\/02\/ebblo-launch-2026.jpg\" class=\"img-fluid w-100\" alt=\"\" srcset=\"https:\/\/ebblo.com\/wp-content\/uploads\/2026\/02\/ebblo-launch-2026.jpg 1920w, https:\/\/ebblo.com\/wp-content\/uploads\/2026\/02\/ebblo-launch-2026-600x338.jpg 600w, https:\/\/ebblo.com\/wp-content\/uploads\/2026\/02\/ebblo-launch-2026-1300x731.jpg 1300w, https:\/\/ebblo.com\/wp-content\/uploads\/2026\/02\/ebblo-launch-2026-768x432.jpg 768w, https:\/\/ebblo.com\/wp-content\/uploads\/2026\/02\/ebblo-launch-2026-1536x864.jpg 1536w\" sizes=\"auto, (max-width: 1920px) 100vw, 1920px\" \/>\t\t\t\t\t\t\t\t\t<\/div>\n\t\t\t\t\t\t\t\t\n\t\t\t\t\t\t\t\t<div class=\"postContent box-padding02 h-100\">\n\n\t\t\t\t\t\t\t\t\t\n\t\t\t\t\t\t\t\t\t\t\t\t\t\t\t\t\t\t\n\t\t\t\t\t\t\t\t\t\t\t\t\t\t\t\t\t\t\t<div class=\"box-post-category \">\n\t\t\t\t\t\t\t\t\t\t\t<span>News<\/span> <span>Medienmitteilung<\/span>\t\t\t\t\t\t\t\t\t\t<\/div>\n\t\t\t\t\t\t\t\t\t\t\t\t\t\t\t\t\t\t\n\t\t\t\t\t\t\t\t\t\t\t\t\t\t\t\t\t\t    <p class=\"small mb-1\">Februar 2026<\/p>\n                                    \t\t\t\t\t\t\t\t\t\t\t\t\t\t\t\t\t\t\t\t\t\t\t\t\t\t\t\n\t\t\t\t\t\t\t\t\t\n\t\t\t\t\t\t\t\t<h4 >Trapeze pr\u00e4sentiert ebblo: Die neue Marke f\u00fcr ITCS-L\u00f6sungen<\/h4>\n\t\t\t\t\t\t\t\t\t\n\t\t\t\t\t\t\t\t\n\t\t\t\t\t\t\t\t\t\t\t\t\t\t\t\t                                <i class=\"fa-light fa-arrow-right-long my-2 d-block\"><\/i>\n\t\t\t\t\t\t\t\t\t\t\t\t\t\t\t\t\t\n\t\t\t\t\t\t\t<\/div>\n\t\t\t\t\t<\/div>\n        \t\t\t\t\t\t\t\t\t\t\t<\/a>\n\t\t\t\t\t\t\t\t\t\t                        \n                    \n\t\t\t\t\t\n\t\t\t\t<\/div>\n\n\t\t\t<\/div>\n\t\t\n\t\t\t\t\t\t\t\t<div class=\"col-md box-col mb-3 mb-md-3 box-item boxlayout01 medienmitteilung      mit-kategorie \">\n\n\t\t\t\t\t<div class=\"box-inner bg-light scale-box h-100  \">\n    <a href=\"https:\/\/ebblo.com\/de\/it-trans-2026-ebblo-zeigt-loesungen-fuer-eine-vernetzte-barrierefreie-und-nachhaltige-mobilitaet\/\" target=\"_parent\">\n        \t\n        \n        \t\n\t\t\t\t\t\t\t<div class=\"postBox text-left \">\n\n\t\t\t\t\t\t\t\t\t\t\t\t\t\t\t\t\t<div class=\"postImg box-img mb-1 overflow-hidden \">\n\t\t\t\t\t\t\t\t\t\t<img loading=\"lazy\" decoding=\"async\" width=\"1920\" height=\"1080\" src=\"https:\/\/ebblo.com\/wp-content\/uploads\/2026\/02\/ebblo-it-trans-mm-thumb.jpg\" class=\"img-fluid w-100\" alt=\"\" srcset=\"https:\/\/ebblo.com\/wp-content\/uploads\/2026\/02\/ebblo-it-trans-mm-thumb.jpg 1920w, https:\/\/ebblo.com\/wp-content\/uploads\/2026\/02\/ebblo-it-trans-mm-thumb-600x338.jpg 600w, https:\/\/ebblo.com\/wp-content\/uploads\/2026\/02\/ebblo-it-trans-mm-thumb-1300x731.jpg 1300w, https:\/\/ebblo.com\/wp-content\/uploads\/2026\/02\/ebblo-it-trans-mm-thumb-768x432.jpg 768w, https:\/\/ebblo.com\/wp-content\/uploads\/2026\/02\/ebblo-it-trans-mm-thumb-1536x864.jpg 1536w\" sizes=\"auto, (max-width: 1920px) 100vw, 1920px\" \/>\t\t\t\t\t\t\t\t\t<\/div>\n\t\t\t\t\t\t\t\t\n\t\t\t\t\t\t\t\t<div class=\"postContent box-padding02 h-100\">\n\n\t\t\t\t\t\t\t\t\t\n\t\t\t\t\t\t\t\t\t\t\t\t\t\t\t\t\t\t\n\t\t\t\t\t\t\t\t\t\t\t\t\t\t\t\t\t\t\t<div class=\"box-post-category \">\n\t\t\t\t\t\t\t\t\t\t\t<span>Medienmitteilung<\/span>\t\t\t\t\t\t\t\t\t\t<\/div>\n\t\t\t\t\t\t\t\t\t\t\t\t\t\t\t\t\t\t\n\t\t\t\t\t\t\t\t\t\t\t\t\t\t\t\t\t\t    <p class=\"small mb-1\">Februar 2026<\/p>\n                                    \t\t\t\t\t\t\t\t\t\t\t\t\t\t\t\t\t\t\t\t\t\t\t\t\t\t\t\n\t\t\t\t\t\t\t\t\t\n\t\t\t\t\t\t\t\t<h4 >Intelligent, vernetzt, zukunftssicher: ebblo pr\u00e4sentiert modernste ITCS-L\u00f6sungen auf der IT-TRANS 2026<\/h4>\n\t\t\t\t\t\t\t\t\t\n\t\t\t\t\t\t\t\t\n\t\t\t\t\t\t\t\t\t\t\t\t\t\t\t\t                                <i class=\"fa-light fa-arrow-right-long my-2 d-block\"><\/i>\n\t\t\t\t\t\t\t\t\t\t\t\t\t\t\t\t\t\n\t\t\t\t\t\t\t<\/div>\n\t\t\t\t\t<\/div>\n        \t\t\t\t\t\t\t\t\t\t\t<\/a>\n\t\t\t\t\t\t\t\t\t\t                        \n                    \n\t\t\t\t\t\n\t\t\t\t<\/div>\n\n\t\t\t<\/div>\n\t\t\n\t\t\t\t\t\t\t\t<div class=\"col-md box-col mb-3 mb-md-3 box-item boxlayout01 news      mit-kategorie \">\n\n\t\t\t\t\t<div class=\"box-inner bg-light scale-box h-100  \">\n    <a href=\"https:\/\/ebblo.com\/de\/informationssicherheit-hat-oberste-prioritaet-im-bereich-transport-und-verkehr\/\" target=\"_parent\">\n        \t\n        \n        \t\n\t\t\t\t\t\t\t<div class=\"postBox text-left \">\n\n\t\t\t\t\t\t\t\t\t\t\t\t\t\t\t\t\t<div class=\"postImg box-img mb-1 overflow-hidden \">\n\t\t\t\t\t\t\t\t\t\t<img loading=\"lazy\" decoding=\"async\" width=\"1920\" height=\"1080\" src=\"https:\/\/ebblo.com\/wp-content\/uploads\/2026\/02\/News-Informationssicherheit-11.2025.jpg\" class=\"img-fluid w-100\" alt=\"Leitstelle\" srcset=\"https:\/\/ebblo.com\/wp-content\/uploads\/2026\/02\/News-Informationssicherheit-11.2025.jpg 1920w, https:\/\/ebblo.com\/wp-content\/uploads\/2026\/02\/News-Informationssicherheit-11.2025-600x338.jpg 600w, https:\/\/ebblo.com\/wp-content\/uploads\/2026\/02\/News-Informationssicherheit-11.2025-1300x731.jpg 1300w, https:\/\/ebblo.com\/wp-content\/uploads\/2026\/02\/News-Informationssicherheit-11.2025-768x432.jpg 768w, https:\/\/ebblo.com\/wp-content\/uploads\/2026\/02\/News-Informationssicherheit-11.2025-1536x864.jpg 1536w\" sizes=\"auto, (max-width: 1920px) 100vw, 1920px\" \/>\t\t\t\t\t\t\t\t\t<\/div>\n\t\t\t\t\t\t\t\t\n\t\t\t\t\t\t\t\t<div class=\"postContent box-padding02 h-100\">\n\n\t\t\t\t\t\t\t\t\t\n\t\t\t\t\t\t\t\t\t\t\t\t\t\t\t\t\t\t\n\t\t\t\t\t\t\t\t\t\t\t\t\t\t\t\t\t\t\t<div class=\"box-post-category \">\n\t\t\t\t\t\t\t\t\t\t\t<span>News<\/span>\t\t\t\t\t\t\t\t\t\t<\/div>\n\t\t\t\t\t\t\t\t\t\t\t\t\t\t\t\t\t\t\n\t\t\t\t\t\t\t\t\t\t\t\t\t\t\t\t\t\t    <p class=\"small mb-1\">Januar 2026<\/p>\n                                    \t\t\t\t\t\t\t\t\t\t\t\t\t\t\t\t\t\t\t\t\t\t\t\t\t\t\t\n\t\t\t\t\t\t\t\t\t\n\t\t\t\t\t\t\t\t<h4 >Informationssicherheit hat oberste Priorit\u00e4t im Be\u200dreich Transport und Verkehr<\/h4>\n\t\t\t\t\t\t\t\t\t\n\t\t\t\t\t\t\t\t\n\t\t\t\t\t\t\t\t\t\t\t\t\t\t\t\t                                <i class=\"fa-light fa-arrow-right-long my-2 d-block\"><\/i>\n\t\t\t\t\t\t\t\t\t\t\t\t\t\t\t\t\t\n\t\t\t\t\t\t\t<\/div>\n\t\t\t\t\t<\/div>\n        \t\t\t\t\t\t\t\t\t\t\t<\/a>\n\t\t\t\t\t\t\t\t\t\t                        \n                    \n\t\t\t\t\t\n\t\t\t\t<\/div>\n\n\t\t\t<\/div>\n\t\t\n\t\t\t\t\t\t\t\t<div class=\"col-md box-col mb-3 mb-md-3 box-item boxlayout01 news      mit-kategorie \">\n\n\t\t\t\t\t<div class=\"box-inner bg-light scale-box h-100  \">\n    <a href=\"https:\/\/ebblo.com\/de\/ptx-spezifikation-version-2-0-neuer-industriestandard-fuer-den-einsatz-von-v2x-im-oeffentlichen-verkehr\/\" target=\"_parent\">\n        \t\n        \n        \t\n\t\t\t\t\t\t\t<div class=\"postBox text-left \">\n\n\t\t\t\t\t\t\t\t\t\t\t\t\t\t\t\t\t<div class=\"postImg box-img mb-1 overflow-hidden \">\n\t\t\t\t\t\t\t\t\t\t<img loading=\"lazy\" decoding=\"async\" width=\"1920\" height=\"1080\" src=\"https:\/\/ebblo.com\/wp-content\/uploads\/2026\/02\/News-PTX-Schnittstelle.jpg\" class=\"img-fluid w-100\" alt=\"Ein Bus f\u00e4hrt \u00fcber eine Kreuzung\" srcset=\"https:\/\/ebblo.com\/wp-content\/uploads\/2026\/02\/News-PTX-Schnittstelle.jpg 1920w, https:\/\/ebblo.com\/wp-content\/uploads\/2026\/02\/News-PTX-Schnittstelle-600x338.jpg 600w, https:\/\/ebblo.com\/wp-content\/uploads\/2026\/02\/News-PTX-Schnittstelle-1300x731.jpg 1300w, https:\/\/ebblo.com\/wp-content\/uploads\/2026\/02\/News-PTX-Schnittstelle-768x432.jpg 768w, https:\/\/ebblo.com\/wp-content\/uploads\/2026\/02\/News-PTX-Schnittstelle-1536x864.jpg 1536w\" sizes=\"auto, (max-width: 1920px) 100vw, 1920px\" \/>\t\t\t\t\t\t\t\t\t<\/div>\n\t\t\t\t\t\t\t\t\n\t\t\t\t\t\t\t\t<div class=\"postContent box-padding02 h-100\">\n\n\t\t\t\t\t\t\t\t\t\n\t\t\t\t\t\t\t\t\t\t\t\t\t\t\t\t\t\t\n\t\t\t\t\t\t\t\t\t\t\t\t\t\t\t\t\t\t\t<div class=\"box-post-category \">\n\t\t\t\t\t\t\t\t\t\t\t<span>News<\/span>\t\t\t\t\t\t\t\t\t\t<\/div>\n\t\t\t\t\t\t\t\t\t\t\t\t\t\t\t\t\t\t\n\t\t\t\t\t\t\t\t\t\t\t\t\t\t\t\t\t\t    <p class=\"small mb-1\">Dezember 2025<\/p>\n                                    \t\t\t\t\t\t\t\t\t\t\t\t\t\t\t\t\t\t\t\t\t\t\t\t\t\t\t\n\t\t\t\t\t\t\t\t\t\n\t\t\t\t\t\t\t\t<h4 >PTX-Spezifikation Version 2.0: Neuer Industriestandard f\u00fcr den Einsatz von V2X im \u00f6ffentlichen Verkehr<\/h4>\n\t\t\t\t\t\t\t\t\t\n\t\t\t\t\t\t\t\t\n\t\t\t\t\t\t\t\t\t\t\t\t\t\t\t\t                                <i class=\"fa-light fa-arrow-right-long my-2 d-block\"><\/i>\n\t\t\t\t\t\t\t\t\t\t\t\t\t\t\t\t\t\n\t\t\t\t\t\t\t<\/div>\n\t\t\t\t\t<\/div>\n        \t\t\t\t\t\t\t\t\t\t\t<\/a>\n\t\t\t\t\t\t\t\t\t\t                        \n                    \n\t\t\t\t\t\n\t\t\t\t<\/div>\n\n\t\t\t<\/div>\n\t\t\t\t\t\t\t\t<\/div>\n\t\t\t\t<\/div>\n\n\t\t\t<\/section>\n\n","protected":false},"excerpt":{"rendered":"","protected":false},"author":1,"featured_media":4826,"parent":3823,"menu_order":0,"comment_status":"closed","ping_status":"closed","template":"","meta":{"_acf_changed":false,"footnotes":""},"class_list":["post-3826","page","type-page","status-publish","has-post-thumbnail","hentry"],"acf":[],"_links":{"self":[{"href":"https:\/\/ebblo.com\/de\/wp-json\/wp\/v2\/pages\/3826","targetHints":{"allow":["GET"]}}],"collection":[{"href":"https:\/\/ebblo.com\/de\/wp-json\/wp\/v2\/pages"}],"about":[{"href":"https:\/\/ebblo.com\/de\/wp-json\/wp\/v2\/types\/page"}],"author":[{"embeddable":true,"href":"https:\/\/ebblo.com\/de\/wp-json\/wp\/v2\/users\/1"}],"replies":[{"embeddable":true,"href":"https:\/\/ebblo.com\/de\/wp-json\/wp\/v2\/comments?post=3826"}],"version-history":[{"count":11,"href":"https:\/\/ebblo.com\/de\/wp-json\/wp\/v2\/pages\/3826\/revisions"}],"predecessor-version":[{"id":11107,"href":"https:\/\/ebblo.com\/de\/wp-json\/wp\/v2\/pages\/3826\/revisions\/11107"}],"up":[{"embeddable":true,"href":"https:\/\/ebblo.com\/de\/wp-json\/wp\/v2\/pages\/3823"}],"wp:featuredmedia":[{"embeddable":true,"href":"https:\/\/ebblo.com\/de\/wp-json\/wp\/v2\/media\/4826"}],"wp:attachment":[{"href":"https:\/\/ebblo.com\/de\/wp-json\/wp\/v2\/media?parent=3826"}],"curies":[{"name":"wp","href":"https:\/\/api.w.org\/{rel}","templated":true}]}}